{"id":1467,"date":"2022-10-06T19:22:04","date_gmt":"2022-10-06T17:22:04","guid":{"rendered":"https:\/\/www.gymnaziumjihlava.cz\/parlament\/?page_id=1467"},"modified":"2023-03-11T07:58:49","modified_gmt":"2023-03-11T06:58:49","slug":"univerzita-tretiho-veku-2022-2023","status":"publish","type":"page","link":"https:\/\/www.gymnaziumjihlava.cz\/parlament\/index.php\/univerzita-tretiho-veku-2022-2023\/","title":{"rendered":"Univerzita t\u0159et\u00edho v\u011bku 2022\/2023"},"content":{"rendered":"\n<h2 class=\"wp-block-heading\">Folklor<\/h2>\n\n\n\n<figure class=\"wp-block-gallery has-nested-images columns-3 is-cropped wp-block-gallery-1 is-layout-flex wp-block-gallery-is-layout-flex\">\n<figure class=\"wp-block-image size-large\"><img loading=\"lazy\" decoding=\"async\" width=\"1024\" height=\"576\" data-id=\"1476\" src=\"https:\/\/www.gymnaziumjihlava.cz\/parlament\/wp-content\/uploads\/2022\/10\/Image7-1-1024x576.jpeg\" alt=\"\" class=\"wp-image-1476\" srcset=\"https:\/\/www.gymnaziumjihlava.cz\/parlament\/wp-content\/uploads\/2022\/10\/Image7-1-1024x576.jpeg 1024w, https:\/\/www.gymnaziumjihlava.cz\/parlament\/wp-content\/uploads\/2022\/10\/Image7-1-300x169.jpeg 300w, https:\/\/www.gymnaziumjihlava.cz\/parlament\/wp-content\/uploads\/2022\/10\/Image7-1-768x432.jpeg 768w, https:\/\/www.gymnaziumjihlava.cz\/parlament\/wp-content\/uploads\/2022\/10\/Image7-1-1536x864.jpeg 1536w, https:\/\/www.gymnaziumjihlava.cz\/parlament\/wp-content\/uploads\/2022\/10\/Image7-1-1568x882.jpeg 1568w, https:\/\/www.gymnaziumjihlava.cz\/parlament\/wp-content\/uploads\/2022\/10\/Image7-1.jpeg 2000w\" sizes=\"auto, (max-width: 1024px) 100vw, 1024px\" \/><\/figure>\n\n\n\n<figure class=\"wp-block-image size-large\"><img loading=\"lazy\" decoding=\"async\" width=\"1024\" height=\"461\" data-id=\"1471\" src=\"https:\/\/www.gymnaziumjihlava.cz\/parlament\/wp-content\/uploads\/2022\/10\/20221005_170108-1024x461.jpg\" alt=\"\" class=\"wp-image-1471\" srcset=\"https:\/\/www.gymnaziumjihlava.cz\/parlament\/wp-content\/uploads\/2022\/10\/20221005_170108-1024x461.jpg 1024w, https:\/\/www.gymnaziumjihlava.cz\/parlament\/wp-content\/uploads\/2022\/10\/20221005_170108-300x135.jpg 300w, https:\/\/www.gymnaziumjihlava.cz\/parlament\/wp-content\/uploads\/2022\/10\/20221005_170108-768x346.jpg 768w, https:\/\/www.gymnaziumjihlava.cz\/parlament\/wp-content\/uploads\/2022\/10\/20221005_170108-1536x691.jpg 1536w, https:\/\/www.gymnaziumjihlava.cz\/parlament\/wp-content\/uploads\/2022\/10\/20221005_170108-2048x922.jpg 2048w, https:\/\/www.gymnaziumjihlava.cz\/parlament\/wp-content\/uploads\/2022\/10\/20221005_170108-1568x706.jpg 1568w\" sizes=\"auto, (max-width: 1024px) 100vw, 1024px\" \/><\/figure>\n\n\n\n<figure class=\"wp-block-image size-large\"><img loading=\"lazy\" decoding=\"async\" width=\"1024\" height=\"576\" data-id=\"1468\" src=\"https:\/\/www.gymnaziumjihlava.cz\/parlament\/wp-content\/uploads\/2022\/10\/Image-1024x576.jpeg\" alt=\"\" class=\"wp-image-1468\" srcset=\"https:\/\/www.gymnaziumjihlava.cz\/parlament\/wp-content\/uploads\/2022\/10\/Image-1024x576.jpeg 1024w, https:\/\/www.gymnaziumjihlava.cz\/parlament\/wp-content\/uploads\/2022\/10\/Image-300x169.jpeg 300w, https:\/\/www.gymnaziumjihlava.cz\/parlament\/wp-content\/uploads\/2022\/10\/Image-768x432.jpeg 768w, https:\/\/www.gymnaziumjihlava.cz\/parlament\/wp-content\/uploads\/2022\/10\/Image-1536x864.jpeg 1536w, https:\/\/www.gymnaziumjihlava.cz\/parlament\/wp-content\/uploads\/2022\/10\/Image-1568x882.jpeg 1568w, https:\/\/www.gymnaziumjihlava.cz\/parlament\/wp-content\/uploads\/2022\/10\/Image.jpeg 2000w\" sizes=\"auto, (max-width: 1024px) 100vw, 1024px\" \/><\/figure>\n\n\n\n<figure class=\"wp-block-image size-large\"><img loading=\"lazy\" decoding=\"async\" width=\"1024\" height=\"576\" data-id=\"1469\" src=\"https:\/\/www.gymnaziumjihlava.cz\/parlament\/wp-content\/uploads\/2022\/10\/Image1-1024x576.jpeg\" alt=\"\" class=\"wp-image-1469\" srcset=\"https:\/\/www.gymnaziumjihlava.cz\/parlament\/wp-content\/uploads\/2022\/10\/Image1-1024x576.jpeg 1024w, https:\/\/www.gymnaziumjihlava.cz\/parlament\/wp-content\/uploads\/2022\/10\/Image1-300x169.jpeg 300w, https:\/\/www.gymnaziumjihlava.cz\/parlament\/wp-content\/uploads\/2022\/10\/Image1-768x432.jpeg 768w, https:\/\/www.gymnaziumjihlava.cz\/parlament\/wp-content\/uploads\/2022\/10\/Image1-1536x864.jpeg 1536w, https:\/\/www.gymnaziumjihlava.cz\/parlament\/wp-content\/uploads\/2022\/10\/Image1-1568x882.jpeg 1568w, https:\/\/www.gymnaziumjihlava.cz\/parlament\/wp-content\/uploads\/2022\/10\/Image1.jpeg 2000w\" sizes=\"auto, (max-width: 1024px) 100vw, 1024px\" \/><\/figure>\n\n\n\n<figure class=\"wp-block-image size-large\"><img loading=\"lazy\" decoding=\"async\" width=\"1024\" height=\"461\" data-id=\"1470\" src=\"https:\/\/www.gymnaziumjihlava.cz\/parlament\/wp-content\/uploads\/2022\/10\/20221005_170353-1024x461.jpg\" alt=\"\" class=\"wp-image-1470\" srcset=\"https:\/\/www.gymnaziumjihlava.cz\/parlament\/wp-content\/uploads\/2022\/10\/20221005_170353-1024x461.jpg 1024w, https:\/\/www.gymnaziumjihlava.cz\/parlament\/wp-content\/uploads\/2022\/10\/20221005_170353-300x135.jpg 300w, https:\/\/www.gymnaziumjihlava.cz\/parlament\/wp-content\/uploads\/2022\/10\/20221005_170353-768x346.jpg 768w, https:\/\/www.gymnaziumjihlava.cz\/parlament\/wp-content\/uploads\/2022\/10\/20221005_170353-1536x691.jpg 1536w, https:\/\/www.gymnaziumjihlava.cz\/parlament\/wp-content\/uploads\/2022\/10\/20221005_170353-2048x922.jpg 2048w, https:\/\/www.gymnaziumjihlava.cz\/parlament\/wp-content\/uploads\/2022\/10\/20221005_170353-1568x706.jpg 1568w\" sizes=\"auto, (max-width: 1024px) 100vw, 1024px\" \/><\/figure>\n<\/figure>\n\n\n\n<h2 class=\"wp-block-heading\">Podzim v zahrad\u011b<\/h2>\n\n\n\n<figure class=\"wp-block-gallery has-nested-images columns-default is-cropped wp-block-gallery-2 is-layout-flex wp-block-gallery-is-layout-flex\">\n<figure class=\"wp-block-image size-large\"><img loading=\"lazy\" decoding=\"async\" width=\"2560\" height=\"1152\" data-id=\"1508\" src=\"https:\/\/www.gymnaziumjihlava.cz\/parlament\/wp-content\/uploads\/2022\/10\/20221019_161123-min-scaled.jpg\" alt=\"\" class=\"wp-image-1508\" srcset=\"https:\/\/www.gymnaziumjihlava.cz\/parlament\/wp-content\/uploads\/2022\/10\/20221019_161123-min-scaled.jpg 2560w, https:\/\/www.gymnaziumjihlava.cz\/parlament\/wp-content\/uploads\/2022\/10\/20221019_161123-min-300x135.jpg 300w, https:\/\/www.gymnaziumjihlava.cz\/parlament\/wp-content\/uploads\/2022\/10\/20221019_161123-min-1024x461.jpg 1024w, https:\/\/www.gymnaziumjihlava.cz\/parlament\/wp-content\/uploads\/2022\/10\/20221019_161123-min-768x346.jpg 768w, https:\/\/www.gymnaziumjihlava.cz\/parlament\/wp-content\/uploads\/2022\/10\/20221019_161123-min-1536x691.jpg 1536w, https:\/\/www.gymnaziumjihlava.cz\/parlament\/wp-content\/uploads\/2022\/10\/20221019_161123-min-2048x922.jpg 2048w, https:\/\/www.gymnaziumjihlava.cz\/parlament\/wp-content\/uploads\/2022\/10\/20221019_161123-min-1568x706.jpg 1568w\" sizes=\"auto, (max-width: 2560px) 100vw, 2560px\" \/><\/figure>\n\n\n\n<figure class=\"wp-block-image size-large\"><img loading=\"lazy\" decoding=\"async\" width=\"2560\" height=\"1920\" data-id=\"1509\" src=\"https:\/\/www.gymnaziumjihlava.cz\/parlament\/wp-content\/uploads\/2022\/10\/20221019_163305-min-scaled.jpg\" alt=\"\" class=\"wp-image-1509\" srcset=\"https:\/\/www.gymnaziumjihlava.cz\/parlament\/wp-content\/uploads\/2022\/10\/20221019_163305-min-scaled.jpg 2560w, https:\/\/www.gymnaziumjihlava.cz\/parlament\/wp-content\/uploads\/2022\/10\/20221019_163305-min-300x225.jpg 300w, https:\/\/www.gymnaziumjihlava.cz\/parlament\/wp-content\/uploads\/2022\/10\/20221019_163305-min-1024x768.jpg 1024w, https:\/\/www.gymnaziumjihlava.cz\/parlament\/wp-content\/uploads\/2022\/10\/20221019_163305-min-768x576.jpg 768w, https:\/\/www.gymnaziumjihlava.cz\/parlament\/wp-content\/uploads\/2022\/10\/20221019_163305-min-1536x1152.jpg 1536w, https:\/\/www.gymnaziumjihlava.cz\/parlament\/wp-content\/uploads\/2022\/10\/20221019_163305-min-2048x1536.jpg 2048w, https:\/\/www.gymnaziumjihlava.cz\/parlament\/wp-content\/uploads\/2022\/10\/20221019_163305-min-1568x1176.jpg 1568w\" sizes=\"auto, (max-width: 2560px) 100vw, 2560px\" \/><\/figure>\n\n\n\n<figure class=\"wp-block-image size-large\"><img loading=\"lazy\" decoding=\"async\" width=\"2560\" height=\"1920\" data-id=\"1510\" src=\"https:\/\/www.gymnaziumjihlava.cz\/parlament\/wp-content\/uploads\/2022\/10\/20221019_172623-min-scaled.jpg\" alt=\"\" class=\"wp-image-1510\" srcset=\"https:\/\/www.gymnaziumjihlava.cz\/parlament\/wp-content\/uploads\/2022\/10\/20221019_172623-min-scaled.jpg 2560w, https:\/\/www.gymnaziumjihlava.cz\/parlament\/wp-content\/uploads\/2022\/10\/20221019_172623-min-300x225.jpg 300w, https:\/\/www.gymnaziumjihlava.cz\/parlament\/wp-content\/uploads\/2022\/10\/20221019_172623-min-1024x768.jpg 1024w, https:\/\/www.gymnaziumjihlava.cz\/parlament\/wp-content\/uploads\/2022\/10\/20221019_172623-min-768x576.jpg 768w, https:\/\/www.gymnaziumjihlava.cz\/parlament\/wp-content\/uploads\/2022\/10\/20221019_172623-min-1536x1152.jpg 1536w, https:\/\/www.gymnaziumjihlava.cz\/parlament\/wp-content\/uploads\/2022\/10\/20221019_172623-min-2048x1536.jpg 2048w, https:\/\/www.gymnaziumjihlava.cz\/parlament\/wp-content\/uploads\/2022\/10\/20221019_172623-min-1568x1176.jpg 1568w\" sizes=\"auto, (max-width: 2560px) 100vw, 2560px\" \/><\/figure>\n<\/figure>\n\n\n\n<h2 class=\"wp-block-heading\">Letectv\u00ed<\/h2>\n\n\n\n<figure class=\"wp-block-gallery has-nested-images columns-default is-cropped wp-block-gallery-3 is-layout-flex wp-block-gallery-is-layout-flex\">\n<figure class=\"wp-block-image size-large\"><img loading=\"lazy\" decoding=\"async\" width=\"1024\" height=\"766\" data-id=\"1529\" src=\"https:\/\/www.gymnaziumjihlava.cz\/parlament\/wp-content\/uploads\/2022\/11\/1668023172844-min-1024x766.jpg\" alt=\"\" class=\"wp-image-1529\" srcset=\"https:\/\/www.gymnaziumjihlava.cz\/parlament\/wp-content\/uploads\/2022\/11\/1668023172844-min-1024x766.jpg 1024w, https:\/\/www.gymnaziumjihlava.cz\/parlament\/wp-content\/uploads\/2022\/11\/1668023172844-min-300x224.jpg 300w, https:\/\/www.gymnaziumjihlava.cz\/parlament\/wp-content\/uploads\/2022\/11\/1668023172844-min-768x575.jpg 768w, https:\/\/www.gymnaziumjihlava.cz\/parlament\/wp-content\/uploads\/2022\/11\/1668023172844-min-1536x1149.jpg 1536w, https:\/\/www.gymnaziumjihlava.cz\/parlament\/wp-content\/uploads\/2022\/11\/1668023172844-min-2048x1532.jpg 2048w, https:\/\/www.gymnaziumjihlava.cz\/parlament\/wp-content\/uploads\/2022\/11\/1668023172844-min-1568x1173.jpg 1568w\" sizes=\"auto, (max-width: 1024px) 100vw, 1024px\" \/><\/figure>\n\n\n\n<figure class=\"wp-block-image size-large\"><img loading=\"lazy\" decoding=\"async\" width=\"1024\" height=\"766\" data-id=\"1530\" src=\"https:\/\/www.gymnaziumjihlava.cz\/parlament\/wp-content\/uploads\/2022\/11\/1668023173055-min-1024x766.jpg\" alt=\"\" class=\"wp-image-1530\" srcset=\"https:\/\/www.gymnaziumjihlava.cz\/parlament\/wp-content\/uploads\/2022\/11\/1668023173055-min-1024x766.jpg 1024w, https:\/\/www.gymnaziumjihlava.cz\/parlament\/wp-content\/uploads\/2022\/11\/1668023173055-min-300x224.jpg 300w, https:\/\/www.gymnaziumjihlava.cz\/parlament\/wp-content\/uploads\/2022\/11\/1668023173055-min-768x575.jpg 768w, https:\/\/www.gymnaziumjihlava.cz\/parlament\/wp-content\/uploads\/2022\/11\/1668023173055-min-1536x1149.jpg 1536w, https:\/\/www.gymnaziumjihlava.cz\/parlament\/wp-content\/uploads\/2022\/11\/1668023173055-min-2048x1532.jpg 2048w, https:\/\/www.gymnaziumjihlava.cz\/parlament\/wp-content\/uploads\/2022\/11\/1668023173055-min-1568x1173.jpg 1568w\" sizes=\"auto, (max-width: 1024px) 100vw, 1024px\" \/><\/figure>\n\n\n\n<figure class=\"wp-block-image size-large\"><img loading=\"lazy\" decoding=\"async\" width=\"1024\" height=\"766\" data-id=\"1528\" src=\"https:\/\/www.gymnaziumjihlava.cz\/parlament\/wp-content\/uploads\/2022\/11\/1668023173093-min-1024x766.jpg\" alt=\"\" class=\"wp-image-1528\" srcset=\"https:\/\/www.gymnaziumjihlava.cz\/parlament\/wp-content\/uploads\/2022\/11\/1668023173093-min-1024x766.jpg 1024w, https:\/\/www.gymnaziumjihlava.cz\/parlament\/wp-content\/uploads\/2022\/11\/1668023173093-min-300x224.jpg 300w, https:\/\/www.gymnaziumjihlava.cz\/parlament\/wp-content\/uploads\/2022\/11\/1668023173093-min-768x575.jpg 768w, https:\/\/www.gymnaziumjihlava.cz\/parlament\/wp-content\/uploads\/2022\/11\/1668023173093-min-1536x1149.jpg 1536w, https:\/\/www.gymnaziumjihlava.cz\/parlament\/wp-content\/uploads\/2022\/11\/1668023173093-min-2048x1532.jpg 2048w, https:\/\/www.gymnaziumjihlava.cz\/parlament\/wp-content\/uploads\/2022\/11\/1668023173093-min-1568x1173.jpg 1568w\" sizes=\"auto, (max-width: 1024px) 100vw, 1024px\" \/><\/figure>\n<\/figure>\n\n\n\n<h2 class=\"wp-block-heading\">Fyzika v\u0161ude, kam se pod\u00edv\u00e1m<\/h2>\n\n\n\n<figure class=\"wp-block-gallery has-nested-images columns-default is-cropped wp-block-gallery-4 is-layout-flex wp-block-gallery-is-layout-flex\">\n<figure class=\"wp-block-image size-large\"><img loading=\"lazy\" decoding=\"async\" width=\"500\" height=\"374\" data-id=\"1572\" src=\"https:\/\/www.gymnaziumjihlava.cz\/parlament\/wp-content\/uploads\/2022\/11\/1669267657964.jpg\" alt=\"\" class=\"wp-image-1572\" srcset=\"https:\/\/www.gymnaziumjihlava.cz\/parlament\/wp-content\/uploads\/2022\/11\/1669267657964.jpg 500w, https:\/\/www.gymnaziumjihlava.cz\/parlament\/wp-content\/uploads\/2022\/11\/1669267657964-300x224.jpg 300w\" sizes=\"auto, (max-width: 500px) 100vw, 500px\" \/><\/figure>\n\n\n\n<figure class=\"wp-block-image size-large\"><img loading=\"lazy\" decoding=\"async\" width=\"500\" height=\"374\" data-id=\"1573\" src=\"https:\/\/www.gymnaziumjihlava.cz\/parlament\/wp-content\/uploads\/2022\/11\/1669266965188.jpg\" alt=\"\" class=\"wp-image-1573\" srcset=\"https:\/\/www.gymnaziumjihlava.cz\/parlament\/wp-content\/uploads\/2022\/11\/1669266965188.jpg 500w, https:\/\/www.gymnaziumjihlava.cz\/parlament\/wp-content\/uploads\/2022\/11\/1669266965188-300x224.jpg 300w\" sizes=\"auto, (max-width: 500px) 100vw, 500px\" \/><\/figure>\n\n\n\n<figure class=\"wp-block-image size-large\"><img loading=\"lazy\" decoding=\"async\" width=\"500\" height=\"374\" data-id=\"1571\" src=\"https:\/\/www.gymnaziumjihlava.cz\/parlament\/wp-content\/uploads\/2022\/11\/1669266965131.jpg\" alt=\"\" class=\"wp-image-1571\" srcset=\"https:\/\/www.gymnaziumjihlava.cz\/parlament\/wp-content\/uploads\/2022\/11\/1669266965131.jpg 500w, https:\/\/www.gymnaziumjihlava.cz\/parlament\/wp-content\/uploads\/2022\/11\/1669266965131-300x224.jpg 300w\" sizes=\"auto, (max-width: 500px) 100vw, 500px\" \/><\/figure>\n<\/figure>\n\n\n\n<div class=\"wp-block-buttons is-layout-flex wp-block-buttons-is-layout-flex\">\n<div class=\"wp-block-button aligncenter\"><a class=\"wp-block-button__link\" href=\"https:\/\/www.gymnaziumjihlava.cz\/parlament\/index.php\/univerzita-tretiho-veku-2021-2022\/\">Ro\u010dn\u00edk 2021\/2022<\/a><\/div>\n<\/div>\n","protected":false},"excerpt":{"rendered":"<p>Folklor Podzim v zahrad\u011b Letectv\u00ed Fyzika v\u0161ude, kam se pod\u00edv\u00e1m<\/p>\n","protected":false},"author":3,"featured_media":0,"parent":0,"menu_order":0,"comment_status":"closed","ping_status":"closed","template":"","meta":{"footnotes":""},"class_list":["post-1467","page","type-page","status-publish"],"_links":{"self":[{"href":"https:\/\/www.gymnaziumjihlava.cz\/parlament\/index.php\/wp-json\/wp\/v2\/pages\/1467","targetHints":{"allow":["GET"]}}],"collection":[{"href":"https:\/\/www.gymnaziumjihlava.cz\/parlament\/index.php\/wp-json\/wp\/v2\/pages"}],"about":[{"href":"https:\/\/www.gymnaziumjihlava.cz\/parlament\/index.php\/wp-json\/wp\/v2\/types\/page"}],"author":[{"embeddable":true,"href":"https:\/\/www.gymnaziumjihlava.cz\/parlament\/index.php\/wp-json\/wp\/v2\/users\/3"}],"replies":[{"embeddable":true,"href":"https:\/\/www.gymnaziumjihlava.cz\/parlament\/index.php\/wp-json\/wp\/v2\/comments?post=1467"}],"version-history":[{"count":10,"href":"https:\/\/www.gymnaziumjihlava.cz\/parlament\/index.php\/wp-json\/wp\/v2\/pages\/1467\/revisions"}],"predecessor-version":[{"id":1868,"href":"https:\/\/www.gymnaziumjihlava.cz\/parlament\/index.php\/wp-json\/wp\/v2\/pages\/1467\/revisions\/1868"}],"wp:attachment":[{"href":"https:\/\/www.gymnaziumjihlava.cz\/parlament\/index.php\/wp-json\/wp\/v2\/media?parent=1467"}],"curies":[{"name":"wp","href":"https:\/\/api.w.org\/{rel}","templated":true}]}}